{"id":127,"date":"2017-03-08T18:44:18","date_gmt":"2017-03-08T17:44:18","guid":{"rendered":"http:\/\/www.restaurant-alouette.com\/?page_id=127"},"modified":"2026-04-30T11:21:09","modified_gmt":"2026-04-30T09:21:09","slug":"menus","status":"publish","type":"page","link":"https:\/\/www.restaurant-alouette.com\/fr\/menus\/","title":{"rendered":"La carte"},"content":{"rendered":"\n<h1>\n\t\tNos menus\n\t<\/h1>\n\t\t\t\t<img loading=\"lazy\" decoding=\"async\" src=\"https:\/\/www.restaurant-alouette.com\/wp-content\/uploads\/2019\/12\/crayon-aliment3-min.png\" alt=\"crayon-aliment3-min\" itemprop=\"image\" height=\"800\" width=\"919\" title=\"crayon-aliment3-min\" onerror=\"this.style.display='none'\"  \/>\n\t\t\t\t\t<a href=\"#\" id=\"fl-accordion--label-0\" tabindex=\"0\" aria-controls=\"fl-accordion--panel-0\">Menu l&#8217;Alouette<\/a>\n\t\t\t\t\t\t\t\t\t\t\t<a href=\"#\" id=\"fl-accordion--icon-0\" tabindex=\"-1\"><i>Expand<\/i><\/a>\n\t\t\t\t\t<p><strong>Pour le menu l&#8217;Alouette, vous devez choisir vos plats sur notre carte ci-dessous.<\/strong><\/p>\n<hr \/>\n<p><strong>Formule entr\u00e9e, plat, fromage ou dessert\u00a0 :<\/strong><\/p>\n<p>En semaine sauf vendredi soir et jour f\u00e9ri\u00e9s :<strong> 48\u20ac<\/strong><\/p>\n<p>Vendredi soir, samedi, dimanche et jours f\u00e9ri\u00e9s : <strong>53\u20ac<\/strong><\/p>\n<hr \/>\n<p><strong>Formule entr\u00e9e et plat ou plat et dessert :<\/strong><\/p>\n<p>En semaine sauf vendredi soir et jour f\u00e9ri\u00e9s :<strong> 44\u20ac<\/strong><\/p>\n<p>Vendredi soir, samedi, dimanche et jours f\u00e9ri\u00e9s : <strong>48\u20ac<\/strong><\/p>\n<hr \/>\n<strong>LES ENTREES<br \/>\n(froide ou chaude)<\/strong>\n<strong>Les asperges vertes et blanches du midi,<\/strong><br \/>\nDuo d&#8217;asperges en cr\u00e8me et po\u00eal\u00e9es, ail des ours de Bonnefamille,<br \/>\nmousseline au citron ni\u00e7ois, saumon gravlax et feta.\n<p>\u00a4 ou \u00a4<\/p>\n<strong>Le canard,<\/strong><br \/>\nCuisses de canard confites en tourte froide,<br \/>\nfoie gras mi-cuit, betterave et amandes.\n<p>\u00a4 ou \u00a4<\/p>\n<strong>L&#8217;omble chevalier,<\/strong><br \/>\nFilet r\u00f4ti et son fumet \u00e0 la badiane, \u00e9minc\u00e9 de fenouil,<br \/>\n\u00e9cras\u00e9 de pomme de terre \u00e0 l&#8217;aneth.\n<p>&nbsp;<\/p>\n<p><strong>LES PLATS<\/strong><\/p>\n<strong>Poitrine de porc laqu\u00e9e,<\/strong><br \/>\nLentilles vertes, blettes, pommes de terre d\u00e9licatesses et asperges.\n<p>\u00a4 ou \u00a4<\/p>\n<strong>La caille des Vosges\u00a0:<\/strong><br \/>\nDemi caille en croute farcie au foie gras, jus r\u00e9duit \u00e0 la betterave<br \/>\net l\u00e9gumes de saisons.\n<p>\u00a4 ou \u00a4<\/p>\n<b>Le filet de poisson,<br \/>\n<\/b>avec des l\u00e9gumes de saison pr\u00e9par\u00e9s selon l&#8217;humeur de Bertrand.\n<p>&nbsp;<\/p>\n<p><strong>LES FROMAGES<\/strong><\/p>\n<p><strong>La faisselle de ch\u00e8vre<\/strong> (La ch\u00e8vrerie d&#8217;Alberic) (+4 \u20ac).<\/p>\n<p>\u00a4 ou \u00a4<\/p>\n<p><strong>Assortiment de fromages affin\u00e9s<\/strong>\u00a0(+8 \u20ac).<\/p>\n<p>&nbsp;<\/p>\n<p><strong>LES DESSERTS<\/strong><\/p>\n<strong>Le dessert fruit\u00e9 :<\/strong><br \/>\nSavarin hibiscus, fraise, rhubarbe et pistache.\n<p>\u00a4 ou \u00a4<\/p>\n<strong>Le pralin\u00e9,<\/strong><br \/>\nEntremet au pralin\u00e9, orange et chocolat Guanaja.\n<p>\u00a4 ou \u00a4<\/p>\n<strong>La tarte fine aux pommes,<\/strong><br \/>\navec sa cr\u00e8me glac\u00e9e au safran, caramel beurre sal\u00e9.\n\t\t\t\t\t<a href=\"#\" id=\"fl-accordion--label-1\" tabindex=\"0\" aria-controls=\"fl-accordion--panel-1\">Menu &#8220;Retour du march\u00e9&#8221;<\/a>\n\t\t\t\t\t\t\t\t\t\t\t<a href=\"#\" id=\"fl-accordion--icon-1\" tabindex=\"-1\"><i>Expand<\/i><\/a>\n\t\t\t\t\t<strong>Uniquement le midi en semaine<br \/>\n(sauf jours f\u00e9ri\u00e9s)<\/strong>\n<p>Menu \u00e9tabli chaque semaine, propos\u00e9 de vive voix.<\/p>\n<hr \/>\nEntr\u00e9e &#8211; plat &#8211; dessert<br \/>\nVerre de vin ou caf\u00e9<br \/>\n<strong>38 \u20ac<\/strong>\n<hr \/>\nEntr\u00e9e &#8211; plat <strong>ou <\/strong>plat &#8211; dessert<br \/>\nVerre de vin ou caf\u00e9<br \/>\n<strong>32 \u20ac<\/strong>\n<hr \/>\n<p><strong>Service en 1 heure possible<\/strong><\/p>\n<p><strong>Tout changement de plat dans le menu &#8220;retour du march\u00e9&#8221; <\/strong><strong>avec un autre plat de la carte entra\u00eenera un suppl\u00e9ment<\/strong><\/p>\n\t\t\t\t\t<a href=\"#\" id=\"fl-accordion--label-2\" tabindex=\"0\" aria-controls=\"fl-accordion--panel-2\">Menu enfant<\/a>\n\t\t\t\t\t\t\t\t\t\t\t<a href=\"#\" id=\"fl-accordion--icon-2\" tabindex=\"-1\"><i>Expand<\/i><\/a>\n\t\t\t\t\t<p>&nbsp;<\/p>\n<p><strong><em>Pour les enfants de moins de 10 ans.<\/em><\/strong><\/p>\n<p>La suggestion du chef <strong>: 18 \u20ac<\/strong><\/p>\n<p>La suggestion du chef et un dessert enfant<strong>\u00a0: 23 \u20ac<\/strong><\/p>\n<p>La suggestion du chef et un dessert \u00e0 la carte : <strong>30 \u20ac<\/strong><\/p>\n\t\t<img width=\"697\" height=\"523\" src=\"https:\/\/www.restaurant-alouette.com\/wp-content\/uploads\/2026\/04\/PM-SITE-1.png\" alt=\"\" decoding=\"async\" loading=\"lazy\" srcset=\"https:\/\/www.restaurant-alouette.com\/wp-content\/uploads\/2026\/04\/PM-SITE-1.png 697w, https:\/\/www.restaurant-alouette.com\/wp-content\/uploads\/2026\/04\/PM-SITE-1-300x225.png 300w, https:\/\/www.restaurant-alouette.com\/wp-content\/uploads\/2026\/04\/PM-SITE-1-200x150.png 200w, https:\/\/www.restaurant-alouette.com\/wp-content\/uploads\/2026\/04\/PM-SITE-1-16x12.png 16w, https:\/\/www.restaurant-alouette.com\/wp-content\/uploads\/2026\/04\/PM-SITE-1-500x375.png 500w\" sizes=\"(max-width: 697px) 100vw, 697px\" \/><img width=\"613\" height=\"460\" src=\"https:\/\/www.restaurant-alouette.com\/wp-content\/uploads\/2026\/04\/SITE1-1.png\" alt=\"\" decoding=\"async\" loading=\"lazy\" srcset=\"https:\/\/www.restaurant-alouette.com\/wp-content\/uploads\/2026\/04\/SITE1-1.png 613w, https:\/\/www.restaurant-alouette.com\/wp-content\/uploads\/2026\/04\/SITE1-1-300x225.png 300w, https:\/\/www.restaurant-alouette.com\/wp-content\/uploads\/2026\/04\/SITE1-1-200x150.png 200w, https:\/\/www.restaurant-alouette.com\/wp-content\/uploads\/2026\/04\/SITE1-1-16x12.png 16w, https:\/\/www.restaurant-alouette.com\/wp-content\/uploads\/2026\/04\/SITE1-1-500x375.png 500w\" sizes=\"(max-width: 613px) 100vw, 613px\" \/><img width=\"693\" height=\"520\" src=\"https:\/\/www.restaurant-alouette.com\/wp-content\/uploads\/2026\/04\/CAILLE-SITE-1.png\" alt=\"\" decoding=\"async\" loading=\"lazy\" srcset=\"https:\/\/www.restaurant-alouette.com\/wp-content\/uploads\/2026\/04\/CAILLE-SITE-1.png 693w, https:\/\/www.restaurant-alouette.com\/wp-content\/uploads\/2026\/04\/CAILLE-SITE-1-300x225.png 300w, https:\/\/www.restaurant-alouette.com\/wp-content\/uploads\/2026\/04\/CAILLE-SITE-1-200x150.png 200w, https:\/\/www.restaurant-alouette.com\/wp-content\/uploads\/2026\/04\/CAILLE-SITE-1-16x12.png 16w, https:\/\/www.restaurant-alouette.com\/wp-content\/uploads\/2026\/04\/CAILLE-SITE-1-500x375.png 500w\" sizes=\"(max-width: 693px) 100vw, 693px\" \/><img width=\"648\" height=\"486\" src=\"https:\/\/www.restaurant-alouette.com\/wp-content\/uploads\/2026\/04\/POIRE-SITE-1.png\" alt=\"\" decoding=\"async\" loading=\"lazy\" srcset=\"https:\/\/www.restaurant-alouette.com\/wp-content\/uploads\/2026\/04\/POIRE-SITE-1.png 648w, https:\/\/www.restaurant-alouette.com\/wp-content\/uploads\/2026\/04\/POIRE-SITE-1-300x225.png 300w, https:\/\/www.restaurant-alouette.com\/wp-content\/uploads\/2026\/04\/POIRE-SITE-1-200x150.png 200w, https:\/\/www.restaurant-alouette.com\/wp-content\/uploads\/2026\/04\/POIRE-SITE-1-16x12.png 16w, https:\/\/www.restaurant-alouette.com\/wp-content\/uploads\/2026\/04\/POIRE-SITE-1-500x375.png 500w\" sizes=\"(max-width: 648px) 100vw, 648px\" \/><img width=\"609\" height=\"457\" src=\"https:\/\/www.restaurant-alouette.com\/wp-content\/uploads\/2026\/04\/PRALINE-26-SITE-2.png\" alt=\"\" decoding=\"async\" loading=\"lazy\" srcset=\"https:\/\/www.restaurant-alouette.com\/wp-content\/uploads\/2026\/04\/PRALINE-26-SITE-2.png 609w, https:\/\/www.restaurant-alouette.com\/wp-content\/uploads\/2026\/04\/PRALINE-26-SITE-2-300x225.png 300w, https:\/\/www.restaurant-alouette.com\/wp-content\/uploads\/2026\/04\/PRALINE-26-SITE-2-200x150.png 200w, https:\/\/www.restaurant-alouette.com\/wp-content\/uploads\/2026\/04\/PRALINE-26-SITE-2-16x12.png 16w, https:\/\/www.restaurant-alouette.com\/wp-content\/uploads\/2026\/04\/PRALINE-26-SITE-2-500x375.png 500w\" sizes=\"(max-width: 609px) 100vw, 609px\" \/>    \n\t<p>Pour tout r\u00e9gime ou intol\u00e9rance alimentaire sp\u00e9cifique, merci de nous en informer d\u00e8s la prise de commande. Nous gardons \u00e0 votre disposition une liste des allerg\u00e8nes.<\/p>\n\t\t\t\t<img loading=\"lazy\" decoding=\"async\" src=\"https:\/\/www.restaurant-alouette.com\/wp-content\/uploads\/2019\/12\/crayon-aliment5-min.png\" alt=\"crayon-aliment5-min\" itemprop=\"image\" height=\"600\" width=\"522\" title=\"crayon-aliment5-min\" onerror=\"this.style.display='none'\"  \/>\n\n","protected":false},"excerpt":{"rendered":"<p>Nos menus Menu l&#8217;Alouette Expand Pour le menu l&#8217;Alouette, vous devez choisir vos plats sur notre carte ci-dessous. Formule entr\u00e9e, plat, fromage ou dessert\u00a0 : En semaine sauf vendredi soir et jour f\u00e9ri\u00e9s : 48\u20ac Vendredi soir, samedi, dimanche et jours f\u00e9ri\u00e9s : 53\u20ac Formule entr\u00e9e et plat ou plat et dessert : En semaine [&hellip;]<\/p>\n","protected":false},"author":1,"featured_media":0,"parent":0,"menu_order":0,"comment_status":"closed","ping_status":"closed","template":"","meta":{"inline_featured_image":false,"_exactmetrics_skip_tracking":false,"_exactmetrics_sitenote_active":false,"_exactmetrics_sitenote_note":"","_exactmetrics_sitenote_category":0,"footnotes":""},"yoast_head":"<!-- This site is optimized with the Yoast SEO plugin v23.0 - https:\/\/yoast.com\/wordpress\/plugins\/seo\/ -->\n<title>Les menus et la carte - Restaurant de l&#039;Alouette<\/title>\n<meta name=\"description\" content=\"Les menus de la semaine, le menu du dimanche et la carte. Tout est fait maison \u00e0 partir de produits frais achet\u00e9s pour la plupart dans la r\u00e9gion.\" \/>\n<meta name=\"robots\" content=\"index, follow, max-snippet:-1, max-image-preview:large, max-video-preview:-1\" \/>\n<link rel=\"canonical\" href=\"http:\/\/www.restaurant-alouette.com\/fr\/menus\/\" \/>\n<meta property=\"og:locale\" content=\"fr_FR\" \/>\n<meta property=\"og:type\" content=\"article\" \/>\n<meta property=\"og:title\" content=\"Les menus et la carte - Restaurant de l&#039;Alouette\" \/>\n<meta property=\"og:description\" content=\"Les menus de la semaine, le menu du dimanche et la carte. Tout est fait maison \u00e0 partir de produits frais achet\u00e9s pour la plupart dans la r\u00e9gion.\" \/>\n<meta property=\"og:url\" content=\"http:\/\/www.restaurant-alouette.com\/fr\/menus\/\" \/>\n<meta property=\"og:site_name\" content=\"Restaurant Alouette\" \/>\n<meta property=\"article:publisher\" content=\"https:\/\/www.facebook.com\/Lalouette-Plus-quun-Restaurant-120299032976\/\" \/>\n<meta property=\"article:modified_time\" content=\"2026-04-30T09:21:09+00:00\" \/>\n<meta property=\"og:image\" content=\"https:\/\/www.restaurant-alouette.com\/wp-content\/uploads\/2019\/12\/crayon-aliment3-min.png\" \/>\n<meta name=\"twitter:card\" content=\"summary_large_image\" \/>\n<meta name=\"twitter:label1\" content=\"Dur\u00e9e de lecture estim\u00e9e\" \/>\n\t<meta name=\"twitter:data1\" content=\"2 minutes\" \/>\n<script type=\"application\/ld+json\" class=\"yoast-schema-graph\">{\"@context\":\"https:\/\/schema.org\",\"@graph\":[{\"@type\":\"WebPage\",\"@id\":\"http:\/\/www.restaurant-alouette.com\/fr\/menus\/\",\"url\":\"http:\/\/www.restaurant-alouette.com\/fr\/menus\/\",\"name\":\"Les menus et la carte - Restaurant de l'Alouette\",\"isPartOf\":{\"@id\":\"https:\/\/www.restaurant-alouette.com\/fr\/#website\"},\"primaryImageOfPage\":{\"@id\":\"http:\/\/www.restaurant-alouette.com\/fr\/menus\/#primaryimage\"},\"image\":{\"@id\":\"http:\/\/www.restaurant-alouette.com\/fr\/menus\/#primaryimage\"},\"thumbnailUrl\":\"https:\/\/www.restaurant-alouette.com\/wp-content\/uploads\/2019\/12\/crayon-aliment3-min.png\",\"datePublished\":\"2017-03-08T17:44:18+00:00\",\"dateModified\":\"2026-04-30T09:21:09+00:00\",\"description\":\"Les menus de la semaine, le menu du dimanche et la carte. Tout est fait maison \u00e0 partir de produits frais achet\u00e9s pour la plupart dans la r\u00e9gion.\",\"breadcrumb\":{\"@id\":\"http:\/\/www.restaurant-alouette.com\/fr\/menus\/#breadcrumb\"},\"inLanguage\":\"fr-FR\",\"potentialAction\":[{\"@type\":\"ReadAction\",\"target\":[\"http:\/\/www.restaurant-alouette.com\/fr\/menus\/\"]}]},{\"@type\":\"ImageObject\",\"inLanguage\":\"fr-FR\",\"@id\":\"http:\/\/www.restaurant-alouette.com\/fr\/menus\/#primaryimage\",\"url\":\"https:\/\/www.restaurant-alouette.com\/wp-content\/uploads\/2019\/12\/crayon-aliment3-min.png\",\"contentUrl\":\"https:\/\/www.restaurant-alouette.com\/wp-content\/uploads\/2019\/12\/crayon-aliment3-min.png\"},{\"@type\":\"BreadcrumbList\",\"@id\":\"http:\/\/www.restaurant-alouette.com\/fr\/menus\/#breadcrumb\",\"itemListElement\":[{\"@type\":\"ListItem\",\"position\":1,\"name\":\"Accueil\",\"item\":\"https:\/\/www.restaurant-alouette.com\/fr\/\"},{\"@type\":\"ListItem\",\"position\":2,\"name\":\"La carte\"}]},{\"@type\":\"WebSite\",\"@id\":\"https:\/\/www.restaurant-alouette.com\/fr\/#website\",\"url\":\"https:\/\/www.restaurant-alouette.com\/fr\/\",\"name\":\"Restaurant de l'Alouette\",\"description\":\"Votre restaurant gastronomique \u00e0 Bonnefamille\",\"potentialAction\":[{\"@type\":\"SearchAction\",\"target\":{\"@type\":\"EntryPoint\",\"urlTemplate\":\"https:\/\/www.restaurant-alouette.com\/fr\/?s={search_term_string}\"},\"query-input\":\"required name=search_term_string\"}],\"inLanguage\":\"fr-FR\"}]}<\/script>\n<!-- \/ Yoast SEO plugin. -->","yoast_head_json":{"title":"Les menus et la carte - Restaurant de l'Alouette","description":"Les menus de la semaine, le menu du dimanche et la carte. Tout est fait maison \u00e0 partir de produits frais achet\u00e9s pour la plupart dans la r\u00e9gion.","robots":{"index":"index","follow":"follow","max-snippet":"max-snippet:-1","max-image-preview":"max-image-preview:large","max-video-preview":"max-video-preview:-1"},"canonical":"http:\/\/www.restaurant-alouette.com\/fr\/menus\/","og_locale":"fr_FR","og_type":"article","og_title":"Les menus et la carte - Restaurant de l'Alouette","og_description":"Les menus de la semaine, le menu du dimanche et la carte. Tout est fait maison \u00e0 partir de produits frais achet\u00e9s pour la plupart dans la r\u00e9gion.","og_url":"http:\/\/www.restaurant-alouette.com\/fr\/menus\/","og_site_name":"Restaurant Alouette","article_publisher":"https:\/\/www.facebook.com\/Lalouette-Plus-quun-Restaurant-120299032976\/","article_modified_time":"2026-04-30T09:21:09+00:00","og_image":[{"url":"https:\/\/www.restaurant-alouette.com\/wp-content\/uploads\/2019\/12\/crayon-aliment3-min.png"}],"twitter_card":"summary_large_image","twitter_misc":{"Dur\u00e9e de lecture estim\u00e9e":"2 minutes"},"schema":{"@context":"https:\/\/schema.org","@graph":[{"@type":"WebPage","@id":"http:\/\/www.restaurant-alouette.com\/fr\/menus\/","url":"http:\/\/www.restaurant-alouette.com\/fr\/menus\/","name":"Les menus et la carte - Restaurant de l'Alouette","isPartOf":{"@id":"https:\/\/www.restaurant-alouette.com\/fr\/#website"},"primaryImageOfPage":{"@id":"http:\/\/www.restaurant-alouette.com\/fr\/menus\/#primaryimage"},"image":{"@id":"http:\/\/www.restaurant-alouette.com\/fr\/menus\/#primaryimage"},"thumbnailUrl":"https:\/\/www.restaurant-alouette.com\/wp-content\/uploads\/2019\/12\/crayon-aliment3-min.png","datePublished":"2017-03-08T17:44:18+00:00","dateModified":"2026-04-30T09:21:09+00:00","description":"Les menus de la semaine, le menu du dimanche et la carte. Tout est fait maison \u00e0 partir de produits frais achet\u00e9s pour la plupart dans la r\u00e9gion.","breadcrumb":{"@id":"http:\/\/www.restaurant-alouette.com\/fr\/menus\/#breadcrumb"},"inLanguage":"fr-FR","potentialAction":[{"@type":"ReadAction","target":["http:\/\/www.restaurant-alouette.com\/fr\/menus\/"]}]},{"@type":"ImageObject","inLanguage":"fr-FR","@id":"http:\/\/www.restaurant-alouette.com\/fr\/menus\/#primaryimage","url":"https:\/\/www.restaurant-alouette.com\/wp-content\/uploads\/2019\/12\/crayon-aliment3-min.png","contentUrl":"https:\/\/www.restaurant-alouette.com\/wp-content\/uploads\/2019\/12\/crayon-aliment3-min.png"},{"@type":"BreadcrumbList","@id":"http:\/\/www.restaurant-alouette.com\/fr\/menus\/#breadcrumb","itemListElement":[{"@type":"ListItem","position":1,"name":"Accueil","item":"https:\/\/www.restaurant-alouette.com\/fr\/"},{"@type":"ListItem","position":2,"name":"La carte"}]},{"@type":"WebSite","@id":"https:\/\/www.restaurant-alouette.com\/fr\/#website","url":"https:\/\/www.restaurant-alouette.com\/fr\/","name":"Restaurant de l'Alouette","description":"Votre restaurant gastronomique \u00e0 Bonnefamille","potentialAction":[{"@type":"SearchAction","target":{"@type":"EntryPoint","urlTemplate":"https:\/\/www.restaurant-alouette.com\/fr\/?s={search_term_string}"},"query-input":"required name=search_term_string"}],"inLanguage":"fr-FR"}]}},"jetpack_sharing_enabled":true,"_links":{"self":[{"href":"https:\/\/www.restaurant-alouette.com\/fr\/wp-json\/wp\/v2\/pages\/127"}],"collection":[{"href":"https:\/\/www.restaurant-alouette.com\/fr\/wp-json\/wp\/v2\/pages"}],"about":[{"href":"https:\/\/www.restaurant-alouette.com\/fr\/wp-json\/wp\/v2\/types\/page"}],"author":[{"embeddable":true,"href":"https:\/\/www.restaurant-alouette.com\/fr\/wp-json\/wp\/v2\/users\/1"}],"replies":[{"embeddable":true,"href":"https:\/\/www.restaurant-alouette.com\/fr\/wp-json\/wp\/v2\/comments?post=127"}],"version-history":[{"count":448,"href":"https:\/\/www.restaurant-alouette.com\/fr\/wp-json\/wp\/v2\/pages\/127\/revisions"}],"predecessor-version":[{"id":19313,"href":"https:\/\/www.restaurant-alouette.com\/fr\/wp-json\/wp\/v2\/pages\/127\/revisions\/19313"}],"wp:attachment":[{"href":"https:\/\/www.restaurant-alouette.com\/fr\/wp-json\/wp\/v2\/media?parent=127"}],"curies":[{"name":"wp","href":"https:\/\/api.w.org\/{rel}","templated":true}]}}