{"id":225,"date":"2017-04-11T21:33:43","date_gmt":"2017-04-11T19:33:43","guid":{"rendered":"http:\/\/www.restaurant-alouette.com\/?page_id=225"},"modified":"2026-04-30T14:02:01","modified_gmt":"2026-04-30T12:02:01","slug":"restaurant-gastronomique-lalouette-a-bonnefamille-lisere","status":"publish","type":"page","link":"https:\/\/www.restaurant-alouette.com\/fr\/","title":{"rendered":"Restaurant gastronomique l&#8217;Alouette \u00e0 Bonnefamille dans l&#8217;Is\u00e8re"},"content":{"rendered":"\n\n<h2>\n\t\tBienvenue au restaurant l&#8217;Alouette de Bonnefamille\n\t<\/h2>\n\t<p><strong>Les chefs M\u00e9lanie et Bertrand Laudier, ainsi que leur \u00e9quipe, ont le plaisir de vous accueillir \u00e0 la table de l&#8217;Alouette.<\/strong><\/p>\n<p>&nbsp;<\/p>\n<p>Le restaurant a\u00a0\u00e9t\u00e9 repris par M\u00e9lanie et Bertrand en 2022. Ce duo a \u00e9t\u00e9 form\u00e9 par Jean-Claude Marlhins pendant plusieurs ann\u00e9es (Bertrand est arriv\u00e9 en 2001 et M\u00e9lanie en 2013). Ils ont gard\u00e9 l&#8217;esprit et les valeurs de l&#8217;ancien chef en ajoutant leur touche personnelle.<\/p>\n<p>Aujourd&#8217;hui, M\u00e9lanie et Bertrand vous propose <strong>une cuisine \u00e0 4 mains, <\/strong>c&#8217;est en tandem qu&#8217;ils \u00e9laborent tous les menus.<\/p>\n<p>&nbsp;<\/p>\n\t\t\t\t<img decoding=\"async\" src=\"http:\/\/www.restaurant-alouette.com\/wp-content\/uploads\/2024\/11\/Capture-decran-2024-11-28-154302.png\" alt=\"Capture d&#039;\u00e9cran 2024-11-28 154302\" itemprop=\"image\" title=\"Capture d&#039;\u00e9cran 2024-11-28 154302\" onerror=\"this.style.display='none'\"  \/>\n\t\t\t<a href=\"https:\/\/www.restaurant-alouette.com\/menus\/\" target=\"_self\" rel=\"noopener\">\n\t\t\t\t\t\t\tNotre carte\n\t\t\t<\/a>\n\t\t\t<a href=\"https:\/\/www.restaurant-alouette.com\/fr\/chambres-3-etoiles\/\" target=\"_self\" rel=\"noopener\">\n\t\t\t\t\t\t\tNos chambres\n\t\t\t<\/a>\n\t\t\t<a href=\"https:\/\/www.restaurant-alouette.com\/fr\/reservez\/\" target=\"_self\" rel=\"noopener\">\n\t\t\t\t\t\t\tR\u00e9server\n\t\t\t<\/a>\n\t\t\t<a href=\"https:\/\/www.restaurant-alouette.com\/fr\/equipe\/\" target=\"_self\" rel=\"noopener\">\n\t\t\t\t\t\t\tNotre \u00e9quipe\n\t\t\t<\/a>\n\t\t\t<a href=\"https:\/\/www.restaurant-alouette.com\/fr\/table-des-matieres\/\" target=\"_self\" rel=\"noopener\">\n\t\t\t\t\t\t\tNotre cave\n\t\t\t<\/a>\n\t\t\t<a href=\"https:\/\/www.restaurant-alouette.com\/fr\/bons-cadeaux\/\" target=\"_self\" rel=\"noopener\">\n\t\t\t\t\t\t\tBon cadeau\n\t\t\t<\/a>\n\t\t\t<a href=\"https:\/\/www.restaurant-alouette.com\/fr\/contact\/\" target=\"_self\" rel=\"noopener\">\n\t\t\t\t\t\t\tRenseignements\n\t\t\t<\/a>\n\t\t\t<a href=\"https:\/\/www.restaurant-alouette.com\/fr\/tourisme\/\" target=\"_self\" rel=\"noopener\">\n\t\t\t\t\t\t\tTourisme\n\t\t\t<\/a>\n\t\t\t\t\t\t\t\t<a href=\"#\" id=\"fl-tabs--label-0\" data-index=\"0\" aria-selected=\"true\" aria-controls=\"fl-tabs--panel-0\" aria-expanded=\"true\" role=\"tab\" tabindex=\"0\">\t\t\t\tNotre philosophie\t\t\t\t<\/a>\n\t\t\t\t\t\t\t\t<a href=\"#\" id=\"fl-tabs--label-1\" data-index=\"1\" aria-selected=\"false\" aria-controls=\"fl-tabs--panel-1\" aria-expanded=\"false\" role=\"tab\" tabindex=\"0\">\t\t\t\tTerrasse et jardin\t\t\t\t<\/a>\n\t\t\t\t\t\t\t\t<a href=\"#\" id=\"fl-tabs--label-2\" data-index=\"2\" aria-selected=\"false\" aria-controls=\"fl-tabs--panel-2\" aria-expanded=\"false\" role=\"tab\" tabindex=\"0\">\t\t\t\tNos chambres\t\t\t\t<\/a>\n\t\t\t\t\t\t\t\t<a href=\"#\" id=\"fl-tabs--label-3\" data-index=\"3\" aria-selected=\"false\" aria-controls=\"fl-tabs--panel-3\" aria-expanded=\"false\" role=\"tab\" tabindex=\"0\">\t\t\t\tRecrutement\t\t\t\t<\/a>\n\t\t\t\t\t\tNotre philosophie\n\t\t\t\t\t\t\t\t\t\t\t<p>Cuisiner des<strong> produits frais de saison, essentiellement fran\u00e7ais <\/strong>et <strong>si possible local.\u00a0<\/strong>Du pain jusqu&#8217;aux glaces et sorbets en passant par les sauces, <strong>tout est fait maison. <\/strong><\/p>\n<p>Pour eux, la cuisine n&#8217;est pas seulement un m\u00e9tier, c&#8217;est avant tout une passion.<\/p>\n<p>Ces engagements leur ont permis d&#8217;obtenir le <strong>titre de Maitre Restaurateur<\/strong>, certifiant une <em>cuisine 100% maison,<\/em> produits bruts et de saison majoritairement frais.<\/p>\n<p><img loading=\"lazy\" decoding=\"async\" src=\"http:\/\/www.restaurant-alouette.com\/wp-content\/uploads\/2026\/04\/mr.png\" alt=\"\" width=\"323\" height=\"133\" \/><\/p>\n\t\t\t\t\t\tTerrasse et jardin\n\t\t\t\t\t\t\t\t\t\t\t<p>A l&#8217;ombre d&#8217;un tilleul bi-centenaire, la terrasse vous offre une vue sur le jardin et ses bassins d&#8217;eau douce. Vous appr\u00e9cierez diff\u00e9remment notre cuisine dans un cadre naturel et empreint d&#8217;une certaine s\u00e9r\u00e9nit\u00e9.<\/p>\n<p><strong><img loading=\"lazy\" decoding=\"async\" src=\"http:\/\/www.restaurant-alouette.com\/wp-content\/uploads\/2026\/04\/TILLEUL-SITE.png\" alt=\"\" width=\"693\" height=\"520\" \/><\/strong><\/p>\n<p>&nbsp;<\/p>\n\t\t\t\t\t\tNos chambres\n\t\t\t\t\t\t\t\t\t\t\t<p><strong>L&#8217;Alouette n&#8217;est pas seulement un restaurant, c&#8217;est aussi un h\u00f4tel <\/strong>avec quatre chambres aux <strong>ambiances diff\u00e9rentes et atypiques<\/strong> par leur architectures. Id\u00e9al pour profiter d&#8217;une soir\u00e9e hors du temps en amoureux. Toute nos chambres sont <strong>spacieuses<\/strong> et disposent d&#8217;une <strong>literie tr\u00e8s confortable<\/strong>, et le petit bonus indispensable de l&#8217;\u00e9t\u00e9\u00a0: la climatisation\u00a0!<\/p>\n<p><img loading=\"lazy\" decoding=\"async\" src=\"http:\/\/www.restaurant-alouette.com\/wp-content\/uploads\/2026\/04\/CHAMBRE-SITE.png\" alt=\"\" width=\"415\" height=\"558\" \/><\/p>\n<p>&nbsp;<\/p>\n\t\t\t\t\t\tRecrutement\n\t\t\t\t\t\t\t\t\t\t\t<p><strong><em>Vous \u00eates ambitieux et aimez les d\u00e9fis ?<\/em><\/strong><\/p>\n<p><strong><em>Vous aimez le travail en \u00e9quipe et les responsabilit\u00e9s ?<\/em><\/strong><\/p>\n<strong><br \/>\nRejoignez nous, notre \u00e9quipe s&#8217;agrandit !<\/strong>\n<p><strong>\u00a0<\/strong><\/p>\n<p>Nous sommes actuellement \u00e0 la recherche d&#8217;un collaborateur ou collaboratrice, pour rejoindre notre \u00e9quipe de salle. Nous n&#8217;avons pas uniquement besoin de bras et de jambes, nous recherchons une personne dynamique aimant le contact humain.<\/p>\n<p><strong>\u00a0<\/strong><\/p>\n<p><strong>Aucun dipl\u00f4me requis.<\/strong><\/p>\n<p><strong>\u00a0<\/strong><\/p>\n<p><strong>Contacts :<\/strong><\/p>\n<p><strong>jcm@restaurant-alouette.com<\/strong><\/p>\n<p><strong>06.50.40.54.34<\/strong><\/p>\n<p><strong>04.78.40.54.74<\/strong><\/p>\n\t\t\t\t<img loading=\"lazy\" decoding=\"async\" src=\"https:\/\/www.restaurant-alouette.com\/wp-content\/uploads\/2020\/01\/Lalouette.svg\" alt=\"Lalouette\" itemprop=\"image\" height=\"297\" width=\"210\" title=\"Lalouette\" onerror=\"this.style.display='none'\"  \/>\n\n","protected":false},"excerpt":{"rendered":"<p>Bienvenue au restaurant l&#8217;Alouette de Bonnefamille Les chefs M\u00e9lanie et Bertrand Laudier, ainsi que leur \u00e9quipe, ont le plaisir de vous accueillir \u00e0 la table de l&#8217;Alouette. &nbsp; Le restaurant a\u00a0\u00e9t\u00e9 repris par M\u00e9lanie et Bertrand en 2022. Ce duo a \u00e9t\u00e9 form\u00e9 par Jean-Claude Marlhins pendant plusieurs ann\u00e9es (Bertrand est arriv\u00e9 en 2001 et [&hellip;]<\/p>\n","protected":false},"author":1,"featured_media":0,"parent":0,"menu_order":0,"comment_status":"closed","ping_status":"closed","template":"","meta":{"inline_featured_image":false,"_exactmetrics_skip_tracking":false,"_exactmetrics_sitenote_active":false,"_exactmetrics_sitenote_note":"","_exactmetrics_sitenote_category":0,"footnotes":""},"yoast_head":"<!-- This site is optimized with the Yoast SEO plugin v23.0 - https:\/\/yoast.com\/wordpress\/plugins\/seo\/ -->\n<title>Restaurant gastronomique l&#039;Alouette \u00e0 Bonnefamille dans l&#039;Is\u00e8re - Restaurant Alouette<\/title>\n<meta name=\"description\" content=\"Bienvenue sur le site du restaurant gastronomique de l&#039;Alouette \u00e0 Bonnefamille dans le Nord Is\u00e8re (Est de Lyon). Venez d\u00e9couvrir des menus uniques.\" \/>\n<meta name=\"robots\" content=\"index, follow, max-snippet:-1, max-image-preview:large, max-video-preview:-1\" \/>\n<link rel=\"canonical\" href=\"https:\/\/www.restaurant-alouette.com\/fr\/\" \/>\n<meta property=\"og:locale\" content=\"fr_FR\" \/>\n<meta property=\"og:type\" content=\"article\" \/>\n<meta property=\"og:title\" content=\"Restaurant gastronomique l&#039;Alouette \u00e0 Bonnefamille dans l&#039;Is\u00e8re - Restaurant Alouette\" \/>\n<meta property=\"og:description\" content=\"Bienvenue sur le site du restaurant gastronomique de l&#039;Alouette \u00e0 Bonnefamille dans le Nord Is\u00e8re (Est de Lyon). Venez d\u00e9couvrir des menus uniques.\" \/>\n<meta property=\"og:url\" content=\"https:\/\/www.restaurant-alouette.com\/fr\/\" \/>\n<meta property=\"og:site_name\" content=\"Restaurant Alouette\" \/>\n<meta property=\"article:publisher\" content=\"https:\/\/www.facebook.com\/Lalouette-Plus-quun-Restaurant-120299032976\/\" \/>\n<meta property=\"article:modified_time\" content=\"2026-04-30T12:02:01+00:00\" \/>\n<meta property=\"og:image\" content=\"http:\/\/www.restaurant-alouette.com\/wp-content\/uploads\/2024\/11\/Capture-decran-2024-11-28-154302.png\" \/>\n<meta name=\"twitter:card\" content=\"summary_large_image\" \/>\n<meta name=\"twitter:label1\" content=\"Dur\u00e9e de lecture estim\u00e9e\" \/>\n\t<meta name=\"twitter:data1\" content=\"2 minutes\" \/>\n<script type=\"application\/ld+json\" class=\"yoast-schema-graph\">{\"@context\":\"https:\/\/schema.org\",\"@graph\":[{\"@type\":\"WebPage\",\"@id\":\"https:\/\/www.restaurant-alouette.com\/fr\/\",\"url\":\"https:\/\/www.restaurant-alouette.com\/fr\/\",\"name\":\"Restaurant gastronomique l'Alouette \u00e0 Bonnefamille dans l'Is\u00e8re - Restaurant Alouette\",\"isPartOf\":{\"@id\":\"https:\/\/www.restaurant-alouette.com\/fr\/#website\"},\"primaryImageOfPage\":{\"@id\":\"https:\/\/www.restaurant-alouette.com\/fr\/#primaryimage\"},\"image\":{\"@id\":\"https:\/\/www.restaurant-alouette.com\/fr\/#primaryimage\"},\"thumbnailUrl\":\"http:\/\/www.restaurant-alouette.com\/wp-content\/uploads\/2024\/11\/Capture-decran-2024-11-28-154302.png\",\"datePublished\":\"2017-04-11T19:33:43+00:00\",\"dateModified\":\"2026-04-30T12:02:01+00:00\",\"description\":\"Bienvenue sur le site du restaurant gastronomique de l'Alouette \u00e0 Bonnefamille dans le Nord Is\u00e8re (Est de Lyon). Venez d\u00e9couvrir des menus uniques.\",\"breadcrumb\":{\"@id\":\"https:\/\/www.restaurant-alouette.com\/fr\/#breadcrumb\"},\"inLanguage\":\"fr-FR\",\"potentialAction\":[{\"@type\":\"ReadAction\",\"target\":[\"https:\/\/www.restaurant-alouette.com\/fr\/\"]}]},{\"@type\":\"ImageObject\",\"inLanguage\":\"fr-FR\",\"@id\":\"https:\/\/www.restaurant-alouette.com\/fr\/#primaryimage\",\"url\":\"http:\/\/www.restaurant-alouette.com\/wp-content\/uploads\/2024\/11\/Capture-decran-2024-11-28-154302.png\",\"contentUrl\":\"http:\/\/www.restaurant-alouette.com\/wp-content\/uploads\/2024\/11\/Capture-decran-2024-11-28-154302.png\"},{\"@type\":\"BreadcrumbList\",\"@id\":\"https:\/\/www.restaurant-alouette.com\/fr\/#breadcrumb\",\"itemListElement\":[{\"@type\":\"ListItem\",\"position\":1,\"name\":\"Accueil\",\"item\":\"https:\/\/www.restaurant-alouette.com\/fr\/\"},{\"@type\":\"ListItem\",\"position\":2,\"name\":\"Restaurant gastronomique l&#8217;Alouette \u00e0 Bonnefamille dans l&#8217;Is\u00e8re\"}]},{\"@type\":\"WebSite\",\"@id\":\"https:\/\/www.restaurant-alouette.com\/fr\/#website\",\"url\":\"https:\/\/www.restaurant-alouette.com\/fr\/\",\"name\":\"Restaurant de l'Alouette\",\"description\":\"Votre restaurant gastronomique \u00e0 Bonnefamille\",\"potentialAction\":[{\"@type\":\"SearchAction\",\"target\":{\"@type\":\"EntryPoint\",\"urlTemplate\":\"https:\/\/www.restaurant-alouette.com\/fr\/?s={search_term_string}\"},\"query-input\":\"required name=search_term_string\"}],\"inLanguage\":\"fr-FR\"}]}<\/script>\n<!-- \/ Yoast SEO plugin. -->","yoast_head_json":{"title":"Restaurant gastronomique l'Alouette \u00e0 Bonnefamille dans l'Is\u00e8re - Restaurant Alouette","description":"Bienvenue sur le site du restaurant gastronomique de l'Alouette \u00e0 Bonnefamille dans le Nord Is\u00e8re (Est de Lyon). Venez d\u00e9couvrir des menus uniques.","robots":{"index":"index","follow":"follow","max-snippet":"max-snippet:-1","max-image-preview":"max-image-preview:large","max-video-preview":"max-video-preview:-1"},"canonical":"https:\/\/www.restaurant-alouette.com\/fr\/","og_locale":"fr_FR","og_type":"article","og_title":"Restaurant gastronomique l'Alouette \u00e0 Bonnefamille dans l'Is\u00e8re - Restaurant Alouette","og_description":"Bienvenue sur le site du restaurant gastronomique de l'Alouette \u00e0 Bonnefamille dans le Nord Is\u00e8re (Est de Lyon). Venez d\u00e9couvrir des menus uniques.","og_url":"https:\/\/www.restaurant-alouette.com\/fr\/","og_site_name":"Restaurant Alouette","article_publisher":"https:\/\/www.facebook.com\/Lalouette-Plus-quun-Restaurant-120299032976\/","article_modified_time":"2026-04-30T12:02:01+00:00","og_image":[{"url":"http:\/\/www.restaurant-alouette.com\/wp-content\/uploads\/2024\/11\/Capture-decran-2024-11-28-154302.png"}],"twitter_card":"summary_large_image","twitter_misc":{"Dur\u00e9e de lecture estim\u00e9e":"2 minutes"},"schema":{"@context":"https:\/\/schema.org","@graph":[{"@type":"WebPage","@id":"https:\/\/www.restaurant-alouette.com\/fr\/","url":"https:\/\/www.restaurant-alouette.com\/fr\/","name":"Restaurant gastronomique l'Alouette \u00e0 Bonnefamille dans l'Is\u00e8re - Restaurant Alouette","isPartOf":{"@id":"https:\/\/www.restaurant-alouette.com\/fr\/#website"},"primaryImageOfPage":{"@id":"https:\/\/www.restaurant-alouette.com\/fr\/#primaryimage"},"image":{"@id":"https:\/\/www.restaurant-alouette.com\/fr\/#primaryimage"},"thumbnailUrl":"http:\/\/www.restaurant-alouette.com\/wp-content\/uploads\/2024\/11\/Capture-decran-2024-11-28-154302.png","datePublished":"2017-04-11T19:33:43+00:00","dateModified":"2026-04-30T12:02:01+00:00","description":"Bienvenue sur le site du restaurant gastronomique de l'Alouette \u00e0 Bonnefamille dans le Nord Is\u00e8re (Est de Lyon). Venez d\u00e9couvrir des menus uniques.","breadcrumb":{"@id":"https:\/\/www.restaurant-alouette.com\/fr\/#breadcrumb"},"inLanguage":"fr-FR","potentialAction":[{"@type":"ReadAction","target":["https:\/\/www.restaurant-alouette.com\/fr\/"]}]},{"@type":"ImageObject","inLanguage":"fr-FR","@id":"https:\/\/www.restaurant-alouette.com\/fr\/#primaryimage","url":"http:\/\/www.restaurant-alouette.com\/wp-content\/uploads\/2024\/11\/Capture-decran-2024-11-28-154302.png","contentUrl":"http:\/\/www.restaurant-alouette.com\/wp-content\/uploads\/2024\/11\/Capture-decran-2024-11-28-154302.png"},{"@type":"BreadcrumbList","@id":"https:\/\/www.restaurant-alouette.com\/fr\/#breadcrumb","itemListElement":[{"@type":"ListItem","position":1,"name":"Accueil","item":"https:\/\/www.restaurant-alouette.com\/fr\/"},{"@type":"ListItem","position":2,"name":"Restaurant gastronomique l&#8217;Alouette \u00e0 Bonnefamille dans l&#8217;Is\u00e8re"}]},{"@type":"WebSite","@id":"https:\/\/www.restaurant-alouette.com\/fr\/#website","url":"https:\/\/www.restaurant-alouette.com\/fr\/","name":"Restaurant de l'Alouette","description":"Votre restaurant gastronomique \u00e0 Bonnefamille","potentialAction":[{"@type":"SearchAction","target":{"@type":"EntryPoint","urlTemplate":"https:\/\/www.restaurant-alouette.com\/fr\/?s={search_term_string}"},"query-input":"required name=search_term_string"}],"inLanguage":"fr-FR"}]}},"jetpack_sharing_enabled":true,"_links":{"self":[{"href":"https:\/\/www.restaurant-alouette.com\/fr\/wp-json\/wp\/v2\/pages\/225"}],"collection":[{"href":"https:\/\/www.restaurant-alouette.com\/fr\/wp-json\/wp\/v2\/pages"}],"about":[{"href":"https:\/\/www.restaurant-alouette.com\/fr\/wp-json\/wp\/v2\/types\/page"}],"author":[{"embeddable":true,"href":"https:\/\/www.restaurant-alouette.com\/fr\/wp-json\/wp\/v2\/users\/1"}],"replies":[{"embeddable":true,"href":"https:\/\/www.restaurant-alouette.com\/fr\/wp-json\/wp\/v2\/comments?post=225"}],"version-history":[{"count":314,"href":"https:\/\/www.restaurant-alouette.com\/fr\/wp-json\/wp\/v2\/pages\/225\/revisions"}],"predecessor-version":[{"id":19315,"href":"https:\/\/www.restaurant-alouette.com\/fr\/wp-json\/wp\/v2\/pages\/225\/revisions\/19315"}],"wp:attachment":[{"href":"https:\/\/www.restaurant-alouette.com\/fr\/wp-json\/wp\/v2\/media?parent=225"}],"curies":[{"name":"wp","href":"https:\/\/api.w.org\/{rel}","templated":true}]}}