{"id":9294,"date":"2021-09-09T14:39:30","date_gmt":"2021-09-09T12:39:30","guid":{"rendered":"https:\/\/www.restaurant-alouette.com\/?page_id=9294"},"modified":"2026-04-10T18:51:56","modified_gmt":"2026-04-10T16:51:56","slug":"les-vins-rouges-de-la-vallee-du-rhone-septentrionale","status":"publish","type":"page","link":"https:\/\/www.restaurant-alouette.com\/fr\/les-vins-rouges-de-la-vallee-du-rhone-septentrionale\/","title":{"rendered":"Vins Rouges de la Vall\u00e9e du Rh\u00f4ne Septentrionale"},"content":{"rendered":"\n\n\t<a href=\"\">\n\t\t  \tVins rouges \t  \t\n\t    \t<\/a>\n\t\t\t\t<img decoding=\"async\" src=\"http:\/\/www.restaurant-alouette.com\/wp-content\/uploads\/2017\/11\/coffret3vignette-cadeau-min.png\" alt=\"coffret3vignette-cadeau-min\" itemprop=\"image\" title=\"coffret3vignette-cadeau-min\" onerror=\"this.style.display='none'\"  \/>\n\t<a href=\"\">\n\t\t  \tVall\u00e9e du Rh\u00f4ne septentrionale\t  \t\n\t    \t<\/a>\n\t<em><strong>Prix<\/strong><\/em><i><strong> bouteille sur table\/ prix bouteille \u00e0 emporter<\/strong><\/i>\n<i>Prix TTC en euros (\u20ac\u00a0 \u00a0), service compris<\/i>\n<i><strong>ND : Non disponible \u00e0 la vente \u00e0 emporter<\/strong><\/i>\n<strong>Nous ne proposons pas de demi-bouteille<\/strong>\n<p>&nbsp;<\/p>\n<p><strong><em>VIN DE FRANCE &#8211; Coteaux de Viennes<\/em><\/strong><\/p>\n<p><strong>Christophe Semaska<\/strong><\/p>\n<p>Venus rouge, 2023 &#8230;&#8230;&#8230;&#8230;&#8230;&#8230;&#8230;. 90 \/ 45<\/p>\n<p>&nbsp;<\/p>\n<p><strong><em>AOP COTES-DU-RHONE<\/em><\/strong><\/p>\n<p><strong>St\u00e9phane Ogier<\/strong><\/p>\n<p>Le temps est venu, 2024 &#8230;&#8230;&#8230;&#8230;&#8230; 38 \/ 17<\/p>\n<p><strong>Beaurenard<\/strong><\/p>\n<p>2025 &#8230;&#8230;&#8230;&#8230;&#8230;&#8230;&#8230;&#8230;&#8230;&#8230;&#8230;&#8230;&#8230;&#8230;&#8230;&#8230;&#8230;&#8230;&#8230;&#8230;&#8230; 38 \/ 17<\/p>\n<p><strong>Cros de la m\u00fbre<\/strong><\/p>\n<p>2023 &#8230;&#8230;&#8230;&#8230;&#8230;&#8230;&#8230;&#8230;&#8230;&#8230;&#8230;&#8230;&#8230;&#8230;&#8230;&#8230;&#8230;&#8230;&#8230;.. 50 \/ 24<\/p>\n<p>&nbsp;<\/p>\n<p><strong><em>IGP COLLINES RHODANIENNES<\/em><\/strong><\/p>\n<p><strong>St\u00e9phane Ogier<\/strong><\/p>\n<p>L&#8217;\u00e2me s\u0153ur, 2020\u00a0&#8230;&#8230;&#8230;&#8230;&#8230;&#8230;&#8230;&#8230;&#8230;&#8230; 125 \/ 65<\/p>\n<p><strong>Les Vins de Vienne<\/strong><\/p>\n<p>Sotanum, 2021 &#8230;&#8230;&#8230;&#8230;&#8230;&#8230;&#8230;&#8230;&#8230;&#8230;&#8230;&#8230;&#8230;. 110 \/ 60<\/p>\n<p>&nbsp;<\/p>\n<p><em><strong>AOP C\u00d4TE R\u00d4TIE<\/strong>\u00a0<\/em><\/p>\n<p><strong><em>Domaine Gangloff<\/em><\/strong><\/p>\n<p><em>La barbarine, 2022 &#8230;&#8230;&#8230;&#8230;&#8230;&#8230;&#8230;&#8230;. 170 \/ ND<\/em><\/p>\n<p><strong><em>Patrick Jasmin<\/em><\/strong><\/p>\n<p><em>2013\u00a0&#8230;&#8230;&#8230;&#8230;&#8230;&#8230;&#8230;&#8230;&#8230;&#8230;&#8230;&#8230;&#8230;&#8230;&#8230;&#8230;&#8230;&#8230;&#8230;&#8230;.. 110 \/ ND<\/em><\/p>\n<p><em>La Giroflarie, <\/em><em>2016 &#8230;&#8230;&#8230;&#8230;&#8230;&#8230;&#8230;&#8230;&#8230;.. 110 \/ 60<\/em><\/p>\n<p><strong><em>Jean-Michel G\u00e9rin<\/em><\/strong><\/p>\n<p><em>La Landonne\u00a0<\/em><\/p>\n2009\u00a0&#8230;&#8230;&#8230;&#8230;&#8230;&#8230;&#8230;&#8230;&#8230;&#8230;&#8230;&#8230;&#8230;&#8230;&#8230;&#8230;&#8230;.. 650\/ ND<br \/>\n2006\u00a0&#8230;&#8230;&#8230;&#8230;&#8230;&#8230;&#8230;&#8230;&#8230;&#8230;&#8230;&#8230;&#8230;&#8230;&#8230;&#8230;&#8230;..\u00a0590 \/ ND\n<p><em>Les Grandes Places\u00a0<\/em><\/p>\n<em>2011, 2012 et 2013\u00a0&#8230;&#8230;&#8230;&#8230;&#8230;&#8230;&#8230;\u00a0 280 \/ ND<br \/>\n2004 et 2006 &#8230;&#8230;&#8230;&#8230;&#8230;&#8230;&#8230;&#8230;&#8230;&#8230;&#8230;.. 250 \/ ND<br \/>\n1996\u00a0et 2000 &#8230;&#8230;&#8230;&#8230;&#8230;&#8230;&#8230;&#8230;&#8230;&#8230;&#8230;&#8230;.\u00a0357 \/ ND<\/em>\n<p><em>Champin le Seigneur\u00a0<\/em><\/p>\n<em>2019\u00a0&#8230;&#8230;&#8230;&#8230;&#8230;&#8230;&#8230;&#8230;&#8230;&#8230;&#8230;&#8230;&#8230;&#8230;&#8230;&#8230;&#8230;&#8230;&#8230;&#8230;.120 \/ 59<br \/>\n2015 et 2014 &#8230;&#8230;&#8230;&#8230;&#8230;&#8230;&#8230;&#8230;&#8230;&#8230;&#8230;&#8230;..\u00a0120 \/ ND<\/em>\n<p><em>La Vialli\u00e8re\u00a0\u00a0<\/em><\/p>\n<em>2014 et 2015\u00a0&#8230;&#8230;&#8230;&#8230;&#8230;&#8230;&#8230;&#8230;&#8230;&#8230;&#8230;&#8230;&#8230;. 155 \/ ND<br \/>\n2012 et 2013 &#8230;&#8230;&#8230;&#8230;&#8230;&#8230;&#8230;&#8230;&#8230;&#8230;&#8230;&#8230;&#8230;. 180 \/ ND<br \/>\n<\/em>\n<p><strong><em>St\u00e9phane Ogier<\/em><\/strong><\/p>\n<p><em>Mon Village\u00a0<\/em><\/p>\n<em> 2022 &#8230;&#8230;&#8230;&#8230;&#8230;&#8230;&#8230;&#8230;&#8230;&#8230;&#8230;&#8230;&#8230;&#8230;&#8230;&#8230;&#8230;&#8230;&#8230;&#8230;. 150 \/ ND<br \/>\n<\/em>\n<p><em>\u00a0<\/em><strong><em>Christophe Semaska<\/em><\/strong><\/p>\n<p><em>Ch\u00e2teau de Montlys\u00a0<\/em><em>\u00a0<\/em><\/p>\n<em> 2017\u00a0&#8230;&#8230;&#8230;&#8230;&#8230;&#8230;&#8230;&#8230;&#8230;&#8230;&#8230;&#8230;&#8230;&#8230;&#8230;&#8230;&#8230;&#8230;&#8230;&#8230;.. 105 \/ 57<br \/>\n2013\u00a0&#8230;&#8230;&#8230;&#8230;&#8230;&#8230;&#8230;&#8230;&#8230;&#8230;&#8230;&#8230;&#8230;&#8230;&#8230;&#8230;&#8230;&#8230;&#8230;&#8230;\u00a0130 \/ ND<\/em>\n<p><strong><em>Benjamin &amp; David Duclaux<\/em><em>\u00a0<\/em><\/strong><\/p>\n<em>La Germine<br \/>\n<\/em><em> 2013 et 2016\u00a0 &#8230;&#8230;&#8230;&#8230;&#8230;&#8230;&#8230;&#8230;&#8230;&#8230;&#8230;&#8230;&#8230; 115 \/ ND<\/em>\n<p><em>Maison Rouge<\/em><\/p>\n<em>2016 &#8230;&#8230;&#8230;&#8230;&#8230;&#8230;&#8230;&#8230;&#8230;&#8230;&#8230;&#8230;&#8230;&#8230;&#8230;&#8230;&#8230;&#8230;&#8230;&#8230; 135 \/ 70<br \/>\n2012\u00a0&#8230;&#8230;&#8230;&#8230;&#8230;&#8230;&#8230;&#8230;&#8230;&#8230;&#8230;&#8230;&#8230;&#8230;&#8230;&#8230;&#8230;&#8230;&#8230;.\u00a0160 \/ ND<\/em>\n<p><b>Jocelyne &amp; Yves Lafoy<\/b><\/p>\n<p><em>2014 &#8230;&#8230;&#8230;&#8230;&#8230;&#8230;&#8230;&#8230;&#8230;&#8230;&#8230;&#8230;&#8230;&#8230;&#8230;&#8230;&#8230;&#8230;&#8230;\u00a0 105 \/ ND<\/em><\/p>\n<p>&nbsp;<\/p>\n<p><strong><em>\u00a0<\/em><em>AOP SAINT JOSEPH<\/em><\/strong><\/p>\n<p><b><i>Xavier Mourier<\/i><\/b><\/p>\n<p><em>Les Caboles, 2023 &#8230;&#8230;&#8230;&#8230;&#8230;&#8230;&#8230;&#8230;. 49 \/ 25<\/em><\/p>\n<p><strong><em>Bernard Gripa<\/em><\/strong><\/p>\n<em>2021 et 2022 &#8230;&#8230;&#8230;&#8230;&#8230;&#8230;&#8230;&#8230;&#8230;&#8230;&#8230;&#8230;&#8230;. 80 \/ 45<\/em><em><br \/>\n<\/em><em>Le Berceau\u00a0<\/em>\n<em>2022 &#8230;&#8230;&#8230;&#8230;&#8230;&#8230;&#8230;&#8230;&#8230;&#8230;&#8230;&#8230;&#8230;&#8230;&#8230;&#8230;&#8230;&#8230;&#8230;. 155 \/ ND<br \/>\n<\/em><em>2014, 2015 et 2016\u00a0 &#8230;&#8230;&#8230;&#8230;&#8230;&#8230;&#8230;&#8230;. 122 \/ 64 <\/em>\n<p><strong>J\u00e9r\u00f4me &amp; Pierre Coursodon<\/strong><\/p>\nL&#8217;Olivaie, 2016 et 2021 &#8230;&#8230;&#8230;&#8230;&#8230;. 85 \/ 45<br \/>\nSilice, 2021\u00a0&#8230;&#8230;&#8230;&#8230;&#8230;&#8230;&#8230;&#8230;&#8230;&#8230;&#8230;&#8230;&#8230;&#8230;&#8230;.\u00a075 \/ 38\n<p><strong><em>\u00a0Yves\u00a0Cuilleron<\/em><\/strong><\/p>\n<p>Les Serines<\/p>\n<em>2006 et 2007 &#8230;&#8230;&#8230;&#8230;&#8230;&#8230;&#8230;&#8230;&#8230;&#8230;&#8230;&#8230;&#8230;&#8230;&#8230; 82 \/ ND<br \/>\n<\/em><em>2012, 2013 et 2016 &#8230;&#8230;&#8230;&#8230;&#8230;&#8230;&#8230;&#8230;&#8230;&#8230;.. 90 \/ ND<br \/>\n2022 &#8230;&#8230;&#8230;&#8230;&#8230;&#8230;&#8230;&#8230;&#8230;&#8230;&#8230;&#8230;&#8230;&#8230;&#8230;&#8230;&#8230;&#8230;&#8230;&#8230;&#8230; 105 \/ 55<\/em>\n<p><b><i>Natacha Chave<\/i><\/b><\/p>\n<p><em>Al\u00e9ofane, 2023 &#8230;&#8230;&#8230;&#8230;&#8230;&#8230;&#8230;&#8230;&#8230;&#8230;&#8230;&#8230;. 76 \/ 37<\/em><\/p>\n<p>&nbsp;<\/p>\n<p><strong><em>AOP CROZES HERMITAGE<\/em><\/strong><\/p>\n<p><strong><em>Domaine Belle<\/em><\/strong><\/p>\n<p>Roche Pierre, 2019 et 2020 &#8230;.. 110 \/ 65<\/p>\n<p>&nbsp;<\/p>\n<p><strong><em>Natacha Chave<\/em><\/strong><\/p>\n<p>Al\u00e9ofane, 2024 &#8230;&#8230;&#8230;&#8230;&#8230;&#8230;&#8230;&#8230;&#8230;&#8230;&#8230; 60 \/ 30<\/p>\n<p>&nbsp;<\/p>\n<p><strong><em>Domaine les Bruy\u00e8res D. Reynaud<\/em><\/strong><\/p>\n<p>Les croix, 2021\u00a0 &#8230;&#8230;&#8230;&#8230;.&#8230;&#8230;&#8230;&#8230;.&#8230;&#8230;. 80 \/ 40<\/p>\n<p>&nbsp;<\/p>\n<p>&nbsp;<\/p>\n<p><strong><em>AOP HERMITAGE\u00a0<\/em><\/strong><\/p>\n<p><strong><em>Paul Jaboulet &amp; Fils<\/em><\/strong><\/p>\n<p><em>La Chapelle<\/em><\/p>\n2007\u00a0&#8230;&#8230;&#8230;&#8230;&#8230;&#8230;&#8230;&#8230;&#8230;&#8230;&#8230;&#8230;&#8230;&#8230;&#8230;&#8230;&#8230;&#8230;.\u00a0410 \/ ND<br \/>\n2004\u00a0et 2006 &#8230;&#8230;&#8230;&#8230;&#8230;&#8230;&#8230;&#8230;&#8230;&#8230;&#8230;&#8230; 370 \/ ND<br \/>\n2002\u00a0et 2005 &#8230;&#8230;&#8230;&#8230;&#8230;&#8230;&#8230;&#8230;&#8230;&#8230;&#8230;.. 350 \/ ND<br \/>\n2001\u00a0&#8230;&#8230;&#8230;&#8230;&#8230;&#8230;&#8230;&#8230;&#8230;&#8230;&#8230;&#8230;&#8230;&#8230;&#8230;&#8230;&#8230;&#8230;&#8230; 450 \/ ND<br \/>\n2000 et 2003 &#8230;&#8230;&#8230;&#8230;&#8230;&#8230;&#8230;&#8230;&#8230;&#8230;&#8230;&#8230; 390 \/ ND\n<p><strong><em>Jean-Louis Grippat<\/em><\/strong><\/p>\n<p><em>1994\u00a0&#8230;&#8230;&#8230;&#8230;&#8230;&#8230;&#8230;&#8230;&#8230;&#8230;&#8230;&#8230;&#8230;&#8230;&#8230;&#8230;&#8230;&#8230;&#8230;. \u00a0170 \/ ND<\/em><\/p>\n<p><strong><em>Yann Chave<\/em><\/strong><\/p>\n<p><em>2011\u00a0&#8230;&#8230;&#8230;&#8230;&#8230;&#8230;&#8230;&#8230;&#8230;&#8230;&#8230;&#8230;&#8230;&#8230;&#8230;&#8230;&#8230;&#8230;&#8230;..\u00a0210 \/ ND<\/em><\/p>\n<p><em>2010 &#8230;&#8230;&#8230;&#8230;&#8230;&#8230;&#8230;&#8230;&#8230;&#8230;&#8230;&#8230;&#8230;&#8230;&#8230;&#8230;&#8230;&#8230;&#8230;..\u00a0210 \/ ND<\/em><\/p>\n<p><strong><em>Philippe &amp; Vincent Jaboulet<\/em><\/strong><\/p>\n<p><em>2008 &#8230;&#8230;&#8230;&#8230;&#8230;&#8230;&#8230;&#8230;&#8230;&#8230;&#8230;&#8230;&#8230;&#8230;&#8230;&#8230;&#8230;&#8230;&#8230;.. 135 \/ ND<\/em><\/p>\n<p><strong><em>G. Robin<\/em><\/strong><\/p>\n<p><em>2011\u00a0&#8230;&#8230;&#8230;&#8230;&#8230;&#8230;&#8230;&#8230;&#8230;&#8230;&#8230;&#8230;&#8230;&#8230;&#8230;&#8230;&#8230;&#8230;&#8230;&#8230;..\u00a0160 \/ 110<\/em><\/p>\n<p><em>2017\u00a0&#8230;&#8230;&#8230;&#8230;&#8230;&#8230;&#8230;&#8230;&#8230;&#8230;&#8230;&#8230;&#8230;&#8230;&#8230;&#8230;&#8230;&#8230;&#8230;&#8230;.\u00a0230 \/ 150<\/em><\/p>\n<p><strong><em>M. Chapoutier<\/em><\/strong><\/p>\n<p><em>Le Pavillon, 1922 ou 1994\u00a0&#8230;&#8230;&#8230;.. 250 \/ ND<\/em><\/p>\n<p><strong><em>Domaine du Colombier<\/em><\/strong><\/p>\n<p><em>2011\u00a0&#8230;&#8230;&#8230;&#8230;&#8230;&#8230;&#8230;&#8230;&#8230;&#8230;&#8230;&#8230;&#8230;&#8230;&#8230;&#8230;&#8230;&#8230;&#8230;&#8230;&#8230;.\u00a0145 \/ 120<\/em><\/p>\n<p><b><i>Jean-Louis Chave<\/i><\/b><\/p>\n<p><em>2016\u00a0&#8230;&#8230;&#8230;&#8230;&#8230;&#8230;&#8230;&#8230;&#8230;&#8230;&#8230;&#8230;&#8230;&#8230;&#8230;&#8230;&#8230;&#8230;&#8230;&#8230;&#8230; 550 \/ ND<\/em><\/p>\n<p>&nbsp;<\/p>\n<p><strong><em>AOP CORNAS<\/em><\/strong><\/p>\n<p><strong>Ph. et V. Jaboulet<\/strong><\/p>\n<p>2017 &#8230;&#8230;&#8230;&#8230;&#8230;&#8230;&#8230;&#8230;&#8230;&#8230;&#8230;&#8230;&#8230;&#8230;&#8230;&#8230;&#8230;&#8230;&#8230;&#8230; 120 \/ 65<\/p>\n<p><strong>D. Reynaud<\/strong><\/p>\n<p>Rebelle, 2022 &#8230;&#8230;&#8230;&#8230;&#8230;&#8230;&#8230;&#8230;&#8230;&#8230;&#8230;&#8230;&#8230; 110 \/ 60<\/p>\n<p>&nbsp;<\/p>\n\t<a href=\"https:\/\/www.restaurant-alouette.com\/fr\/?page_id=9246&#038;preview=true\">\n\t\t  \tLes vins rouges \t  \t\n\t    <img width=\"250\" height=\"264\" src=\"https:\/\/www.restaurant-alouette.com\/wp-content\/uploads\/2019\/12\/bouton-vin-min-1.png\" alt=\"\" decoding=\"async\" loading=\"lazy\" srcset=\"https:\/\/www.restaurant-alouette.com\/wp-content\/uploads\/2019\/12\/bouton-vin-min-1.png 250w, https:\/\/www.restaurant-alouette.com\/wp-content\/uploads\/2019\/12\/bouton-vin-min-1-189x200.png 189w\" sizes=\"(max-width: 250px) 100vw, 250px\" \/>\t<\/a>\n\t<a href=\"https:\/\/www.restaurant-alouette.com\/fr\/les-vins-blancs\/\">\n\t\t  \tLes vins blancs\t  \t\n\t    <img width=\"348\" height=\"345\" src=\"https:\/\/www.restaurant-alouette.com\/wp-content\/uploads\/2020\/01\/bouton-reserver-likado-min-1.png\" alt=\"\" decoding=\"async\" loading=\"lazy\" srcset=\"https:\/\/www.restaurant-alouette.com\/wp-content\/uploads\/2020\/01\/bouton-reserver-likado-min-1.png 348w, https:\/\/www.restaurant-alouette.com\/wp-content\/uploads\/2020\/01\/bouton-reserver-likado-min-1-300x297.png 300w, https:\/\/www.restaurant-alouette.com\/wp-content\/uploads\/2020\/01\/bouton-reserver-likado-min-1-150x150.png 150w, https:\/\/www.restaurant-alouette.com\/wp-content\/uploads\/2020\/01\/bouton-reserver-likado-min-1-200x198.png 200w, https:\/\/www.restaurant-alouette.com\/wp-content\/uploads\/2020\/01\/bouton-reserver-likado-min-1-100x100.png 100w\" sizes=\"(max-width: 348px) 100vw, 348px\" \/>\t<\/a>\n\t\n","protected":false},"excerpt":{"rendered":"<p>Vins rouges Vall\u00e9e du Rh\u00f4ne septentrionale Prix bouteille sur table\/ prix bouteille \u00e0 emporter Prix TTC en euros (\u20ac\u00a0 \u00a0), service compris ND : Non disponible \u00e0 la vente \u00e0 emporter Nous ne proposons pas de demi-bouteille &nbsp; VIN DE FRANCE &#8211; Coteaux de Viennes Christophe Semaska Venus rouge, 2023 &#8230;&#8230;&#8230;&#8230;&#8230;&#8230;&#8230;. 90 \/ 45 &nbsp; [&hellip;]<\/p>\n","protected":false},"author":1,"featured_media":0,"parent":0,"menu_order":0,"comment_status":"closed","ping_status":"closed","template":"","meta":{"inline_featured_image":false,"_exactmetrics_skip_tracking":false,"_exactmetrics_sitenote_active":false,"_exactmetrics_sitenote_note":"","_exactmetrics_sitenote_category":0,"footnotes":""},"yoast_head":"<!-- This site is optimized with the Yoast SEO plugin v23.0 - https:\/\/yoast.com\/wordpress\/plugins\/seo\/ -->\n<title>Vins Rouges de la Vall\u00e9e du Rh\u00f4ne Septentrionale - Restaurant Alouette<\/title>\n<meta name=\"robots\" content=\"index, follow, max-snippet:-1, max-image-preview:large, max-video-preview:-1\" \/>\n<link rel=\"canonical\" href=\"http:\/\/www.restaurant-alouette.com\/fr\/les-vins-rouges-de-la-vallee-du-rhone-septentrionale\/\" \/>\n<meta property=\"og:locale\" content=\"fr_FR\" \/>\n<meta property=\"og:type\" content=\"article\" \/>\n<meta property=\"og:title\" content=\"Vins Rouges de la Vall\u00e9e du Rh\u00f4ne Septentrionale - Restaurant Alouette\" \/>\n<meta property=\"og:description\" content=\"Vins rouges Vall\u00e9e du Rh\u00f4ne septentrionale Prix bouteille sur table\/ prix bouteille \u00e0 emporter Prix TTC en euros (\u20ac\u00a0 \u00a0), service compris ND : Non disponible \u00e0 la vente \u00e0 emporter Nous ne proposons pas de demi-bouteille &nbsp; VIN DE FRANCE &#8211; Coteaux de Viennes Christophe Semaska Venus rouge, 2023 &#8230;&#8230;&#8230;&#8230;&#8230;&#8230;&#8230;. 90 \/ 45 &nbsp; [&hellip;]\" \/>\n<meta property=\"og:url\" content=\"http:\/\/www.restaurant-alouette.com\/fr\/les-vins-rouges-de-la-vallee-du-rhone-septentrionale\/\" \/>\n<meta property=\"og:site_name\" content=\"Restaurant Alouette\" \/>\n<meta property=\"article:publisher\" content=\"https:\/\/www.facebook.com\/Lalouette-Plus-quun-Restaurant-120299032976\/\" \/>\n<meta property=\"article:modified_time\" content=\"2026-04-10T16:51:56+00:00\" \/>\n<meta property=\"og:image\" content=\"http:\/\/www.restaurant-alouette.com\/wp-content\/uploads\/2017\/11\/coffret3vignette-cadeau-min.png\" \/>\n<meta name=\"twitter:card\" content=\"summary_large_image\" \/>\n<meta name=\"twitter:label1\" content=\"Dur\u00e9e de lecture estim\u00e9e\" \/>\n\t<meta name=\"twitter:data1\" content=\"3 minutes\" \/>\n<script type=\"application\/ld+json\" class=\"yoast-schema-graph\">{\"@context\":\"https:\/\/schema.org\",\"@graph\":[{\"@type\":\"WebPage\",\"@id\":\"http:\/\/www.restaurant-alouette.com\/en\/les-vins-rouges-de-la-vallee-du-rhone-septentrionale\/\",\"url\":\"http:\/\/www.restaurant-alouette.com\/en\/les-vins-rouges-de-la-vallee-du-rhone-septentrionale\/\",\"name\":\"Vins Rouges de la Vall\u00e9e du Rh\u00f4ne Septentrionale - Restaurant Alouette\",\"isPartOf\":{\"@id\":\"https:\/\/www.restaurant-alouette.com\/fr\/#website\"},\"primaryImageOfPage\":{\"@id\":\"http:\/\/www.restaurant-alouette.com\/en\/les-vins-rouges-de-la-vallee-du-rhone-septentrionale\/#primaryimage\"},\"image\":{\"@id\":\"http:\/\/www.restaurant-alouette.com\/en\/les-vins-rouges-de-la-vallee-du-rhone-septentrionale\/#primaryimage\"},\"thumbnailUrl\":\"http:\/\/www.restaurant-alouette.com\/wp-content\/uploads\/2017\/11\/coffret3vignette-cadeau-min.png\",\"datePublished\":\"2021-09-09T12:39:30+00:00\",\"dateModified\":\"2026-04-10T16:51:56+00:00\",\"breadcrumb\":{\"@id\":\"http:\/\/www.restaurant-alouette.com\/en\/les-vins-rouges-de-la-vallee-du-rhone-septentrionale\/#breadcrumb\"},\"inLanguage\":\"fr-FR\",\"potentialAction\":[{\"@type\":\"ReadAction\",\"target\":[\"http:\/\/www.restaurant-alouette.com\/en\/les-vins-rouges-de-la-vallee-du-rhone-septentrionale\/\"]}]},{\"@type\":\"ImageObject\",\"inLanguage\":\"fr-FR\",\"@id\":\"http:\/\/www.restaurant-alouette.com\/en\/les-vins-rouges-de-la-vallee-du-rhone-septentrionale\/#primaryimage\",\"url\":\"http:\/\/www.restaurant-alouette.com\/wp-content\/uploads\/2017\/11\/coffret3vignette-cadeau-min.png\",\"contentUrl\":\"http:\/\/www.restaurant-alouette.com\/wp-content\/uploads\/2017\/11\/coffret3vignette-cadeau-min.png\"},{\"@type\":\"BreadcrumbList\",\"@id\":\"http:\/\/www.restaurant-alouette.com\/en\/les-vins-rouges-de-la-vallee-du-rhone-septentrionale\/#breadcrumb\",\"itemListElement\":[{\"@type\":\"ListItem\",\"position\":1,\"name\":\"Accueil\",\"item\":\"https:\/\/www.restaurant-alouette.com\/fr\/\"},{\"@type\":\"ListItem\",\"position\":2,\"name\":\"Vins Rouges de la Vall\u00e9e du Rh\u00f4ne Septentrionale\"}]},{\"@type\":\"WebSite\",\"@id\":\"https:\/\/www.restaurant-alouette.com\/fr\/#website\",\"url\":\"https:\/\/www.restaurant-alouette.com\/fr\/\",\"name\":\"Restaurant de l'Alouette\",\"description\":\"Votre restaurant gastronomique \u00e0 Bonnefamille\",\"potentialAction\":[{\"@type\":\"SearchAction\",\"target\":{\"@type\":\"EntryPoint\",\"urlTemplate\":\"https:\/\/www.restaurant-alouette.com\/fr\/?s={search_term_string}\"},\"query-input\":\"required name=search_term_string\"}],\"inLanguage\":\"fr-FR\"}]}<\/script>\n<!-- \/ Yoast SEO plugin. -->","yoast_head_json":{"title":"Vins Rouges de la Vall\u00e9e du Rh\u00f4ne Septentrionale - Restaurant Alouette","robots":{"index":"index","follow":"follow","max-snippet":"max-snippet:-1","max-image-preview":"max-image-preview:large","max-video-preview":"max-video-preview:-1"},"canonical":"http:\/\/www.restaurant-alouette.com\/fr\/les-vins-rouges-de-la-vallee-du-rhone-septentrionale\/","og_locale":"fr_FR","og_type":"article","og_title":"Vins Rouges de la Vall\u00e9e du Rh\u00f4ne Septentrionale - Restaurant Alouette","og_description":"Vins rouges Vall\u00e9e du Rh\u00f4ne septentrionale Prix bouteille sur table\/ prix bouteille \u00e0 emporter Prix TTC en euros (\u20ac\u00a0 \u00a0), service compris ND : Non disponible \u00e0 la vente \u00e0 emporter Nous ne proposons pas de demi-bouteille &nbsp; VIN DE FRANCE &#8211; Coteaux de Viennes Christophe Semaska Venus rouge, 2023 &#8230;&#8230;&#8230;&#8230;&#8230;&#8230;&#8230;. 90 \/ 45 &nbsp; [&hellip;]","og_url":"http:\/\/www.restaurant-alouette.com\/fr\/les-vins-rouges-de-la-vallee-du-rhone-septentrionale\/","og_site_name":"Restaurant Alouette","article_publisher":"https:\/\/www.facebook.com\/Lalouette-Plus-quun-Restaurant-120299032976\/","article_modified_time":"2026-04-10T16:51:56+00:00","og_image":[{"url":"http:\/\/www.restaurant-alouette.com\/wp-content\/uploads\/2017\/11\/coffret3vignette-cadeau-min.png"}],"twitter_card":"summary_large_image","twitter_misc":{"Dur\u00e9e de lecture estim\u00e9e":"3 minutes"},"schema":{"@context":"https:\/\/schema.org","@graph":[{"@type":"WebPage","@id":"http:\/\/www.restaurant-alouette.com\/en\/les-vins-rouges-de-la-vallee-du-rhone-septentrionale\/","url":"http:\/\/www.restaurant-alouette.com\/en\/les-vins-rouges-de-la-vallee-du-rhone-septentrionale\/","name":"Vins Rouges de la Vall\u00e9e du Rh\u00f4ne Septentrionale - Restaurant Alouette","isPartOf":{"@id":"https:\/\/www.restaurant-alouette.com\/fr\/#website"},"primaryImageOfPage":{"@id":"http:\/\/www.restaurant-alouette.com\/en\/les-vins-rouges-de-la-vallee-du-rhone-septentrionale\/#primaryimage"},"image":{"@id":"http:\/\/www.restaurant-alouette.com\/en\/les-vins-rouges-de-la-vallee-du-rhone-septentrionale\/#primaryimage"},"thumbnailUrl":"http:\/\/www.restaurant-alouette.com\/wp-content\/uploads\/2017\/11\/coffret3vignette-cadeau-min.png","datePublished":"2021-09-09T12:39:30+00:00","dateModified":"2026-04-10T16:51:56+00:00","breadcrumb":{"@id":"http:\/\/www.restaurant-alouette.com\/en\/les-vins-rouges-de-la-vallee-du-rhone-septentrionale\/#breadcrumb"},"inLanguage":"fr-FR","potentialAction":[{"@type":"ReadAction","target":["http:\/\/www.restaurant-alouette.com\/en\/les-vins-rouges-de-la-vallee-du-rhone-septentrionale\/"]}]},{"@type":"ImageObject","inLanguage":"fr-FR","@id":"http:\/\/www.restaurant-alouette.com\/en\/les-vins-rouges-de-la-vallee-du-rhone-septentrionale\/#primaryimage","url":"http:\/\/www.restaurant-alouette.com\/wp-content\/uploads\/2017\/11\/coffret3vignette-cadeau-min.png","contentUrl":"http:\/\/www.restaurant-alouette.com\/wp-content\/uploads\/2017\/11\/coffret3vignette-cadeau-min.png"},{"@type":"BreadcrumbList","@id":"http:\/\/www.restaurant-alouette.com\/en\/les-vins-rouges-de-la-vallee-du-rhone-septentrionale\/#breadcrumb","itemListElement":[{"@type":"ListItem","position":1,"name":"Accueil","item":"https:\/\/www.restaurant-alouette.com\/fr\/"},{"@type":"ListItem","position":2,"name":"Vins Rouges de la Vall\u00e9e du Rh\u00f4ne Septentrionale"}]},{"@type":"WebSite","@id":"https:\/\/www.restaurant-alouette.com\/fr\/#website","url":"https:\/\/www.restaurant-alouette.com\/fr\/","name":"Restaurant de l'Alouette","description":"Votre restaurant gastronomique \u00e0 Bonnefamille","potentialAction":[{"@type":"SearchAction","target":{"@type":"EntryPoint","urlTemplate":"https:\/\/www.restaurant-alouette.com\/fr\/?s={search_term_string}"},"query-input":"required name=search_term_string"}],"inLanguage":"fr-FR"}]}},"jetpack_sharing_enabled":true,"_links":{"self":[{"href":"https:\/\/www.restaurant-alouette.com\/fr\/wp-json\/wp\/v2\/pages\/9294"}],"collection":[{"href":"https:\/\/www.restaurant-alouette.com\/fr\/wp-json\/wp\/v2\/pages"}],"about":[{"href":"https:\/\/www.restaurant-alouette.com\/fr\/wp-json\/wp\/v2\/types\/page"}],"author":[{"embeddable":true,"href":"https:\/\/www.restaurant-alouette.com\/fr\/wp-json\/wp\/v2\/users\/1"}],"replies":[{"embeddable":true,"href":"https:\/\/www.restaurant-alouette.com\/fr\/wp-json\/wp\/v2\/comments?post=9294"}],"version-history":[{"count":197,"href":"https:\/\/www.restaurant-alouette.com\/fr\/wp-json\/wp\/v2\/pages\/9294\/revisions"}],"predecessor-version":[{"id":19171,"href":"https:\/\/www.restaurant-alouette.com\/fr\/wp-json\/wp\/v2\/pages\/9294\/revisions\/19171"}],"wp:attachment":[{"href":"https:\/\/www.restaurant-alouette.com\/fr\/wp-json\/wp\/v2\/media?parent=9294"}],"curies":[{"name":"wp","href":"https:\/\/api.w.org\/{rel}","templated":true}]}}